{"id":12,"date":"2012-02-14T13:20:48","date_gmt":"2012-02-14T13:20:48","guid":{"rendered":"http:\/\/www.patrick-lecoq.fr\/savoie\/?page_id=12"},"modified":"2014-08-04T13:14:37","modified_gmt":"2014-08-04T13:14:37","slug":"menuiserie","status":"publish","type":"page","link":"https:\/\/www.patrick-lecoq.fr\/savoie\/nos-competences\/menuiserie\/","title":{"rendered":"Menuiserie"},"content":{"rendered":"<p><em><strong><a href=\"http:\/\/www.patrick-lecoq.fr\/savoie\/wp-content\/uploads\/2012\/02\/menuiseries-exterieures-002.jpg\"><img loading=\"lazy\" decoding=\"async\" class=\"alignright size-medium wp-image-124\" title=\"Menuiseries exterieures - Fen\u00eatres, terrasse\" src=\"http:\/\/www.patrick-lecoq.fr\/savoie\/wp-content\/uploads\/2012\/02\/menuiseries-exterieures-002-150x200.jpg\" alt=\"Menuiseries exterieures - Fen\u00eatres, terrasse\" width=\"150\" height=\"200\" srcset=\"https:\/\/www.patrick-lecoq.fr\/savoie\/wp-content\/uploads\/2012\/02\/menuiseries-exterieures-002-150x200.jpg 150w, https:\/\/www.patrick-lecoq.fr\/savoie\/wp-content\/uploads\/2012\/02\/menuiseries-exterieures-002-225x300.jpg 225w, https:\/\/www.patrick-lecoq.fr\/savoie\/wp-content\/uploads\/2012\/02\/menuiseries-exterieures-002.jpg 375w\" sizes=\"auto, (max-width: 150px) 100vw, 150px\" \/><\/a><a title=\"Patrick Lecoq, menuisier en Savoie\" href=\"http:\/\/www.patrick-lecoq.fr\/savoie\/\">La Menuiserie Lecoq bas\u00e9e en Tarentaise (Savoie)<\/a><\/strong> r\u00e9alise les <a title=\"Menuiserie neuf ou r\u00e9novation en Savoie\" href=\"http:\/\/www.patrick-lecoq.fr\/savoie\/nos-competences\/\"><strong>travaux de menuiserie<\/strong><\/a> suivants :<\/em><em><br \/>\n<\/em><\/p>\n<p><strong><span style=\"text-decoration: underline;\">Menuiseries ext\u00e9rieures<\/span> :<\/strong><\/p>\n<p style=\"padding-left: 30px;\">&#8211; Menuiseries ext\u00e9rieures en neuf ou r\u00e9novation : bois &#8211; bois\/alu &#8211; PVC (baies, fen\u00eatre, portes fen\u00eatres, portes d&rsquo;entr\u00e9e, impostes, bow window, lucarnes, Velux, &#8230;)<br \/>\n&#8211; Bardages bois &#8211; bardages PVC<br \/>\n&#8211; Balcons &#8211; Garde-corps<br \/>\n&#8211; Terrasses bois &#8211; terrasses mat\u00e9riaux composites<br \/>\n&#8211; Passerelles &#8211; rampes d&rsquo;acc\u00e8s pour personnes \u00e0 mobilit\u00e9 r\u00e9duite &#8211; constructions sp\u00e9ciales &#8211; petites charpentes<br \/>\n<a href=\"http:\/\/www.patrick-lecoq.fr\/savoie\/wp-content\/uploads\/2012\/02\/menuiseries-interieures-003.jpg\"><img loading=\"lazy\" decoding=\"async\" class=\"alignright size-medium wp-image-175\" title=\"Menuiseries int\u00e9rieures - Escalier bois \/ alu\" src=\"http:\/\/www.patrick-lecoq.fr\/savoie\/wp-content\/uploads\/2012\/02\/menuiseries-interieures-003-266x200.jpg\" alt=\"Menuiseries int\u00e9rieures - Escalier bois \/ alu\" width=\"266\" height=\"200\" srcset=\"https:\/\/www.patrick-lecoq.fr\/savoie\/wp-content\/uploads\/2012\/02\/menuiseries-interieures-003-266x200.jpg 266w, https:\/\/www.patrick-lecoq.fr\/savoie\/wp-content\/uploads\/2012\/02\/menuiseries-interieures-003-400x300.jpg 400w, https:\/\/www.patrick-lecoq.fr\/savoie\/wp-content\/uploads\/2012\/02\/menuiseries-interieures-003.jpg 800w\" sizes=\"auto, (max-width: 266px) 100vw, 266px\" \/><\/a>&#8211; Am\u00e9nagement de fa\u00e7ades de commerces et autres b\u00e2timents (boutiques, restaurants, h\u00f4tels, &#8230;)<strong><\/strong><\/p>\n<p><strong><span style=\"text-decoration: underline;\">Menuiseries int\u00e9rieures<\/span> :<\/strong><\/p>\n<p style=\"padding-left: 30px;\">&#8211; Portes &#8211; portes coulissantes &#8211; cloisons &#8211; parquets &#8211; lambris int\u00e9rieur &#8211; faux plafonds &#8211; escaliers &#8211; mezzanines &#8230;<\/p>\n<p><a href=\"http:\/\/www.patrick-lecoq.fr\/savoie\/nos-realisations\/\"><img loading=\"lazy\" decoding=\"async\" class=\"alignnone size-full wp-image-102\" style=\"border: 0pt none; margin: 0px;\" title=\"Voir plus de photos de menuiseries\" src=\"http:\/\/www.patrick-lecoq.fr\/savoie\/wp-content\/uploads\/2012\/02\/plus-de-photos.jpg\" alt=\"Voir plus de photos de menuiseries\" width=\"296\" height=\"79\" \/><\/a><\/p>\n<p><em>N&rsquo;h\u00e9sitez pas \u00e0 <a title=\"Nous contacter\" href=\"http:\/\/www.patrick-lecoq.fr\/savoie\/nous-contacter\/\">nous contacter<\/a> pour nous soumettre vos demandes.<\/em><\/p>\n","protected":false},"excerpt":{"rendered":"<p>La Menuiserie Lecoq bas\u00e9e en Tarentaise (Savoie) r\u00e9alise les travaux de menuiserie suivants : Menuiseries ext\u00e9rieures : &#8211; Menuiseries ext\u00e9rieures en neuf ou r\u00e9novation : bois &#8211; bois\/alu &#8211; PVC (baies, fen\u00eatre, portes fen\u00eatres, portes d&rsquo;entr\u00e9e, impostes, bow window, lucarnes, &hellip; <a href=\"https:\/\/www.patrick-lecoq.fr\/savoie\/nos-competences\/menuiserie\/\">Lire la suite <span class=\"meta-nav\">&rarr;<\/span><\/a><\/p>\n","protected":false},"author":4,"featured_media":0,"parent":10,"menu_order":10,"comment_status":"closed","ping_status":"closed","template":"","meta":{"ngg_post_thumbnail":0,"footnotes":""},"class_list":["post-12","page","type-page","status-publish","hentry"],"_links":{"self":[{"href":"https:\/\/www.patrick-lecoq.fr\/savoie\/wp-json\/wp\/v2\/pages\/12","targetHints":{"allow":["GET"]}}],"collection":[{"href":"https:\/\/www.patrick-lecoq.fr\/savoie\/wp-json\/wp\/v2\/pages"}],"about":[{"href":"https:\/\/www.patrick-lecoq.fr\/savoie\/wp-json\/wp\/v2\/types\/page"}],"author":[{"embeddable":true,"href":"https:\/\/www.patrick-lecoq.fr\/savoie\/wp-json\/wp\/v2\/users\/4"}],"replies":[{"embeddable":true,"href":"https:\/\/www.patrick-lecoq.fr\/savoie\/wp-json\/wp\/v2\/comments?post=12"}],"version-history":[{"count":20,"href":"https:\/\/www.patrick-lecoq.fr\/savoie\/wp-json\/wp\/v2\/pages\/12\/revisions"}],"predecessor-version":[{"id":58,"href":"https:\/\/www.patrick-lecoq.fr\/savoie\/wp-json\/wp\/v2\/pages\/12\/revisions\/58"}],"up":[{"embeddable":true,"href":"https:\/\/www.patrick-lecoq.fr\/savoie\/wp-json\/wp\/v2\/pages\/10"}],"wp:attachment":[{"href":"https:\/\/www.patrick-lecoq.fr\/savoie\/wp-json\/wp\/v2\/media?parent=12"}],"curies":[{"name":"wp","href":"https:\/\/api.w.org\/{rel}","templated":true}]}}